{"id":120,"date":"2011-10-17T08:43:05","date_gmt":"2011-10-17T08:43:05","guid":{"rendered":"http:\/\/www.albertocreativografico.com\/blog\/?page_id=120"},"modified":"2016-11-08T16:40:12","modified_gmt":"2016-11-08T15:40:12","slug":"fotografia","status":"publish","type":"page","link":"http:\/\/www.albertocreativografico.com\/blog\/sobremi\/fotografia\/","title":{"rendered":"Fotograf\u00eda"},"content":{"rendered":"<p style=\"text-align: left;\">Ante todo soy un fot\u00f3grafo aficionado, pero conozco la fotograf\u00eda lo suficiente, para realizar un trabajo de calidad. Experiencia probada en fotograf\u00eda industrial, que se plasma en innumerables trabajos, en los que la fotograf\u00eda era un elemento clave, como en la elaboraci\u00f3n de cat\u00e1logos impresos y\/o web.<\/p>\n<p style=\"text-align: left;\">Si por algo destaca mi galer\u00eda, es por mi particular visi\u00f3n de la Semana Santa, del Teatro de Calle (TAC), efectos Tilt Shif,&#8230;<\/p>\n<p>&nbsp;<\/p>\n<h2 style=\"text-align: left;\">Premios<\/h2>\n<p style=\"padding-left: 30px;\">2011 <em>V Encuentro fotogr\u00e1fico Montes Torozos<\/em> &#8211; <span style=\"text-decoration: underline;\"><strong>1er Premio<\/strong><\/span> Agujero con vistas, promovido por la Asociaci\u00f3n Bocallave<\/p>\n<p style=\"padding-left: 30px;\">2011\u00a0<em>VIII Concurso fotogr\u00e1fico Cofrad\u00eda Penitencial de la \u00a0Sagrada Cena<\/em> &#8211; <span style=\"text-decoration: underline;\"><strong>2\u00ba Premio<\/strong><\/span><\/p>\n<p style=\"padding-left: 30px;\">2010 <em>VII Concurso fotogr\u00e1fico Cofrad\u00eda Penitencial de la \u00a0Sagrada Cena<\/em> &#8211; <strong><span style=\"text-decoration: underline;\">4\u00ba Premio (Menci\u00f3n especial)<\/span><\/strong><\/p>\n<p style=\"padding-left: 30px;\">2009 <em>VI Concurso fotogr\u00e1fico Cofrad\u00eda Penitencial de la \u00a0Sagrada Cena<\/em> &#8211; <span style=\"text-decoration: underline;\"><strong>3er Premio<\/strong><\/span><\/p>\n<p style=\"padding-left: 30px;\">2006 <em>Concurso de Fotograf\u00eda Intercultural &#8220;i-Miradas&#8221;<\/em>, organizado por la Confederaci\u00f3n Vallisoletana de Empresarios (CVE) &#8211; <strong><span style=\"text-decoration: underline;\">1er Accesit<\/span><\/strong><\/p>\n<p>&nbsp;<\/p>\n<h2>Entrevistas<\/h2>\n<p style=\"padding-left: 30px;\">&#8211; Entrevista para la revista de la Asociaci\u00f3n Fotogr\u00e1fica de Zaragoza, <strong><a href=\"http:\/\/metaefezeta.freehostia.com\/\" target=\"_blank\">Metaefezeta n\u00ba5<\/a><\/strong><\/p>\n<p style=\"padding-left: 30px;\">&#8211; Entrevista a dudo en <strong>Xatakafoto<\/strong>, <a href=\"http:\/\/www.xatakafoto.com\/entrevistas\/fotografia-cofrade-entrevista-a-los-fotografos\" target=\"_blank\">sobre la Semana Santa<\/a><\/p>\n<p>&nbsp;<\/p>\n<h2>Audiovisuales<\/h2>\n<ul>\n<li>Seleccionado para la <span style=\"text-decoration: underline;\"><em>Fotoweek 2011<\/em><\/span><\/li>\n<\/ul>\n<p style=\"padding-left: 60px;\">&#8211; <strong>Atenas<\/strong> (Urbanas en BN)<\/p>\n<p style=\"padding-left: 60px;\">&#8211; <strong>Recogimiento en la Oscuridad<\/strong> (Procesi\u00f3n de la Buena Muerte de Zamora)<\/p>\n<ul>\n<li>Seleccionado para la <span style=\"text-decoration: underline;\"><em>Fotoweek 2010<\/em><\/span><\/li>\n<\/ul>\n<p style=\"padding-left: 60px;\">&#8211; <strong>Recreaci\u00f3n de la Batalla de Almeida<\/strong> (Portugal)<\/p>\n<ul>\n<li>Participante en la <span style=\"text-decoration: underline;\"><em>I Marat\u00f3n Audiovisual Ciudad de Valladolid<\/em><\/span><\/li>\n<\/ul>\n<p style=\"text-align: left; padding-left: 60px;\"><span style=\"text-decoration: underline;\">#\u00a0Individual<\/span>:<\/p>\n<p style=\"text-align: left; padding-left: 90px;\"><strong>\u00b7 Atenas<\/strong> (1o minutos)<\/p>\n<p style=\"text-align: left; padding-left: 90px;\"><iframe loading=\"lazy\" src=\"\/\/www.youtube.com\/embed\/M2RriN5mM0E?list=PL1886C2A5A9FB848A\" width=\"560\" height=\"315\" frameborder=\"0\" allowfullscreen=\"allowfullscreen\"><\/iframe><\/p>\n<p style=\"text-align: left; padding-left: 60px;\"><span style=\"text-decoration: underline;\">#\u00a0<\/span><span style=\"text-decoration: underline;\">Colectivos<\/span>:<\/p>\n<p style=\"text-align: left; padding-left: 90px;\">\u00b7 Grupo Flickr &#8211; Valladolid (Espa\u00f1a &#8211; Spain) &#8211; <strong>Requiem<\/strong> (Semana Santa)<\/p>\n<p style=\"text-align: left; padding-left: 90px;\">\u00b7 Grupo Flickr &#8211; Fot\u00f3grafos de Valladolid &#8211;\u00a0<strong>Lo mejor de 2010<\/strong><\/p>\n<p style=\"padding-left: 90px;\">\u00b7 Grupo Flickr &#8211; Fot\u00f3grafos de Valladolid &#8211;\u00a0<strong>Otro mundo es posible<\/strong> (Denuncia Social)<\/p>\n<ul>\n<li>Participante en la\u00a0<em>II Marat\u00f3n Audiovisual Ciudad de Valladolid<\/em><\/li>\n<\/ul>\n<p style=\"padding-left: 60px;\">#Grupales (Organizados por mi)<\/p>\n<p style=\"padding-left: 90px;\">\u00b7 Grupo Flickr &#8211; Valladolid KDDs &#8211;\u00a0<strong>Sue\u00f1os de agua<\/strong>\u00a0(El Canal de Castilla)<\/p>\n<p style=\"text-align: left; padding-left: 90px;\"><iframe loading=\"lazy\" src=\"\/\/www.youtube.com\/embed\/KBgVK4TR4-0?list=PL1886C2A5A9FB848A\" width=\"560\" height=\"315\" frameborder=\"0\" allowfullscreen=\"allowfullscreen\"><\/iframe><\/p>\n<p style=\"padding-left: 90px;\">\u00a0\u00b7 Marta Guijarro y Alberto Garc\u00eda &#8211; <strong>A Rapa Das Bestas<\/strong><\/p>\n<p style=\"padding-left: 90px;\"><iframe loading=\"lazy\" src=\"\/\/www.youtube.com\/embed\/kpB9jQhaMM4?list=PL1886C2A5A9FB848A\" width=\"560\" height=\"315\" frameborder=\"0\" allowfullscreen=\"allowfullscreen\"><\/iframe><\/p>\n<p style=\"padding-left: 90px;\">\u00b7 Marta Guijarro, Sandra Trigos, y Alberto Garc\u00eda &#8211; <strong>15M<\/strong><\/p>\n<p style=\"padding-left: 90px;\"><iframe loading=\"lazy\" src=\"\/\/www.youtube.com\/embed\/XAW8Qszwxe8?list=PL1886C2A5A9FB848A\" width=\"560\" height=\"315\" frameborder=\"0\" allowfullscreen=\"allowfullscreen\"><\/iframe><\/p>\n<p style=\"padding-left: 60px;\">#\u00a0Colectivos:<\/p>\n<p style=\"padding-left: 90px;\">\u00b7 Grupo Flickr &#8211; Valladolid (Espa\u00f1a &#8211; Spain) &#8211; <strong>5 Sentidos<\/strong><\/p>\n<p style=\"padding-left: 90px;\">\u00b7 Grupo Flickr &#8211; Fot\u00f3grafos de Valladolid &#8211; <strong>Valladolid, sus gentes<\/strong><\/p>\n<p style=\"padding-left: 90px;\">\u00b7 Espacio Joven &#8211; <strong>La ambig\u00fcedad del momento<\/strong><\/p>\n<p style=\"padding-left: 90px;\">\u00b7 Maraton Audiovisual Ciudad de Valladolid &#8211;\u00a0<strong>TAC2012<\/strong><\/p>\n<p style=\"padding-left: 90px;\">\u00b7 Maraton Audiovisual Ciudad de Valladolid &#8211;\u00a0<strong>Artes<\/strong><\/p>\n<p style=\"padding-left: 90px;\">\u00b7 Maraton Audiovisual Ciudad de Valladolid &#8211;\u00a0<strong>Castilla y Le\u00f3n<\/strong><\/p>\n<ul>\n<li>Participante en la\u00a0<em>III Marat\u00f3n Audiovisual Ciudad de Valladolid<\/em><\/li>\n<\/ul>\n<p style=\"padding-left: 60px;\">#\u00a0Colectivos:<\/p>\n<p style=\"padding-left: 90px;\">\u00b7 Maraton Audiovisual Ciudad de Valladolid &#8211;\u00a0<strong>TAC2012<\/strong><\/p>\n<p style=\"padding-left: 90px;\">\u00b7 Maraton Audiovisual Ciudad de Valladolid &#8211; <strong>La ruta del Hereje<\/strong><\/p>\n<p>&nbsp;<\/p>\n<h2>Exposiciones<\/h2>\n<p style=\"padding-left: 30px;\"><span style=\"text-decoration: underline;\">#\u00a0Participante<\/span><\/p>\n<p style=\"padding-left: 60px;\">&#8211; <strong>Sonata de Oto\u00f1o<\/strong> (Grupo Valladolid KDDs)<\/p>\n<p style=\"padding-left: 90px;\">Diciembre 2012; Bodegas Mento en Tudela de Duero (Valladolid)<\/p>\n<p style=\"padding-left: 90px;\">Enero 2013; Museo Provincial del Vino en el Castillo de Pe\u00f1afiel (Valladolid)<\/p>\n<p style=\"padding-left: 60px;\"><strong>&#8211; TAC Fotogr\u00e1fico 2012<\/strong>\u00a0(TAC Valladolid)<\/p>\n<p style=\"padding-left: 90px;\">Septiembre 2012; Centro C\u00edvico Jose Mar\u00eda Luelmo (Valladolid)<\/p>\n<p style=\"padding-left: 60px;\">&#8211;\u00a0<strong>Valladolid, m\u00e1s ancho que largo<\/strong>\u00a0(Fotograf\u00eda panor\u00e1mica de Valladolid)<\/p>\n<p style=\"padding-left: 90px;\">Mayo &#8211; Junio 2011; Centro de Recursos Turisticos, Ayuntamiento de Valladolid<\/p>\n<p style=\"padding-left: 90px;\">Septiembre &#8211; Octubre 2011; Fundaci\u00f3n Museo Cristobal Gabarr\u00f3n (Valladolid)<\/p>\n<p style=\"padding-left: 60px;\">\u00a0&#8211; <strong>10 a\u00f1os de Teatro de Calle<\/strong> (TAC Valladolid)<\/p>\n<p style=\"padding-left: 90px;\">Mayo &#8211; Junio 2009 ; Centro de Recursos Tur\u00edsticos, Ayuntamiento de Valladolid<\/p>\n<p style=\"padding-left: 90px;\">Mayo 2010; Centro C\u00edvico bailar\u00edn Vicente Escudero, Ayuntamiento de Valladolid<\/p>\n<p style=\"padding-left: 60px;\">&#8211; <strong>Art Tac<\/strong>\u00a0(TAC Valladolid)<\/p>\n<p style=\"padding-left: 90px;\">Mayo 2009; Centro C\u00edvico Esgueva\u00a0(Valladolid)<\/p>\n<p style=\"padding-left: 90px;\">Diciembre 2010 &#8211; Enero 2011; Bar Elfos\u00a0(Valladolid)<\/p>\n<p style=\"padding-left: 90px;\">Mayo 2010; Centro C\u00edvico Bailar\u00edn Vicente Escudero\u00a0(Valladolid)<\/p>\n<p style=\"padding-left: 90px;\">Mayo 2012;\u00a0Centro C\u00edvico Bailar\u00edn Vicente Escudero\u00a0(Valladolid)<\/p>\n<p style=\"padding-left: 60px;\">&#8211; <strong>Exposici\u00f3n colectiva Fot\u00f3grafos de Valladolid<\/strong><\/p>\n<p style=\"padding-left: 90px;\">Marzo &#8211; Abril 2010; Bar La Negra Flor<\/p>\n<p style=\"padding-left: 90px;\">Mayo 2010; Ayuntamiento de Ampudia (Palencia)<\/p>\n<p style=\"padding-left: 90px;\">Junio 2010; Centro C\u00edvico Pilarica, Ayuntamiento de Valladolid<\/p>\n<p style=\"padding-left: 30px;\"><span style=\"text-decoration: underline;\">#\u00a0Comisario y participante<\/span><\/p>\n<p style=\"padding-left: 60px;\">&#8211; <strong>13 miradas de Castilla<\/strong> (Castilla y Le\u00f3n desde diversas persectivas)<\/p>\n<p style=\"padding-left: 90px;\">Septiembre 2010; Cafeter\u00eda-Bar Mimos\u00a0(Valladolid)<\/p>\n<p style=\"padding-left: 90px;\">Octubre 2010; Estudio Fotogr\u00e1fico Angel Torres (Tudela de Duero, Valladolid)<\/p>\n<p style=\"padding-left: 90px;\">Noviembre 2010; Ayuntamiento de Renedo de Esgueva, Valladolid<\/p>\n<p style=\"padding-left: 90px;\">Diciembre 2010; Bar&amp;Copas Full House\u00a0(Valladolid)<\/p>\n<p style=\"padding-left: 90px;\">Diciembre 2010 &#8211; Enero 2011; Centro C\u00edvico Bailar\u00edn Vicente Escudero, Ayuntamiento de Valladolid<\/p>\n<p style=\"padding-left: 90px;\">Enero 2011; Asociaci\u00f3n &#8220;El Cotarro&#8221;, en Castronuevo de Esgueva, Valladolid<\/p>\n<p style=\"padding-left: 90px;\">Enero &#8211; Febrero 2011; Ayuntamiento de Santovenia de Pisuerga, Valladolid<\/p>\n<div id='gallery-1' class='gallery galleryid-120 gallery-columns-4 gallery-size-thumbnail'><dl class='gallery-item'>\n\t\t\t<dt class='gallery-icon portrait'>\n\t\t\t\t<a href='http:\/\/www.albertocreativografico.com\/blog\/sobremi\/fotografia\/maquetaci%c2%97n-1\/'><img width=\"150\" height=\"150\" src=\"https:\/\/i0.wp.com\/www.albertocreativografico.com\/blog\/wp-content\/uploads\/2011\/10\/tac.jpg?resize=150%2C150\" class=\"attachment-thumbnail size-thumbnail\" alt=\"10 a\u00f1os de teatro en la calle\" decoding=\"async\" loading=\"lazy\" srcset=\"https:\/\/i0.wp.com\/www.albertocreativografico.com\/blog\/wp-content\/uploads\/2011\/10\/tac.jpg?resize=150%2C150 150w, https:\/\/i0.wp.com\/www.albertocreativografico.com\/blog\/wp-content\/uploads\/2011\/10\/tac.jpg?zoom=2&amp;resize=150%2C150 300w, https:\/\/i0.wp.com\/www.albertocreativografico.com\/blog\/wp-content\/uploads\/2011\/10\/tac.jpg?zoom=3&amp;resize=150%2C150 450w\" sizes=\"(max-width: 150px) 100vw, 150px\" \/><\/a>\n\t\t\t<\/dt><\/dl><dl class='gallery-item'>\n\t\t\t<dt class='gallery-icon portrait'>\n\t\t\t\t<a href='http:\/\/www.albertocreativografico.com\/blog\/sobremi\/fotografia\/art_tac-2\/'><img width=\"150\" height=\"150\" src=\"https:\/\/i0.wp.com\/www.albertocreativografico.com\/blog\/wp-content\/uploads\/2011\/10\/art_tac.jpg?resize=150%2C150\" class=\"attachment-thumbnail size-thumbnail\" alt=\"\" decoding=\"async\" loading=\"lazy\" srcset=\"https:\/\/i0.wp.com\/www.albertocreativografico.com\/blog\/wp-content\/uploads\/2011\/10\/art_tac.jpg?resize=150%2C150 150w, https:\/\/i0.wp.com\/www.albertocreativografico.com\/blog\/wp-content\/uploads\/2011\/10\/art_tac.jpg?zoom=2&amp;resize=150%2C150 300w\" sizes=\"(max-width: 150px) 100vw, 150px\" \/><\/a>\n\t\t\t<\/dt><\/dl><dl class='gallery-item'>\n\t\t\t<dt class='gallery-icon portrait'>\n\t\t\t\t<a href='http:\/\/www.albertocreativografico.com\/blog\/sobremi\/fotografia\/colectiva\/'><img width=\"150\" height=\"150\" src=\"https:\/\/i0.wp.com\/www.albertocreativografico.com\/blog\/wp-content\/uploads\/2011\/10\/colectiva.jpg?resize=150%2C150\" class=\"attachment-thumbnail size-thumbnail\" alt=\"Exposici\u00f3n colectiva\" decoding=\"async\" loading=\"lazy\" srcset=\"https:\/\/i0.wp.com\/www.albertocreativografico.com\/blog\/wp-content\/uploads\/2011\/10\/colectiva.jpg?resize=150%2C150 150w, https:\/\/i0.wp.com\/www.albertocreativografico.com\/blog\/wp-content\/uploads\/2011\/10\/colectiva.jpg?zoom=2&amp;resize=150%2C150 300w, https:\/\/i0.wp.com\/www.albertocreativografico.com\/blog\/wp-content\/uploads\/2011\/10\/colectiva.jpg?zoom=3&amp;resize=150%2C150 450w\" sizes=\"(max-width: 150px) 100vw, 150px\" \/><\/a>\n\t\t\t<\/dt><\/dl><dl class='gallery-item'>\n\t\t\t<dt class='gallery-icon portrait'>\n\t\t\t\t<a href='http:\/\/www.albertocreativografico.com\/blog\/sobremi\/fotografia\/ampudia\/'><img width=\"150\" height=\"150\" src=\"https:\/\/i0.wp.com\/www.albertocreativografico.com\/blog\/wp-content\/uploads\/2011\/10\/ampudia.jpg?resize=150%2C150\" class=\"attachment-thumbnail size-thumbnail\" alt=\"Ampudia\" decoding=\"async\" loading=\"lazy\" srcset=\"https:\/\/i0.wp.com\/www.albertocreativografico.com\/blog\/wp-content\/uploads\/2011\/10\/ampudia.jpg?resize=150%2C150 150w, https:\/\/i0.wp.com\/www.albertocreativografico.com\/blog\/wp-content\/uploads\/2011\/10\/ampudia.jpg?zoom=2&amp;resize=150%2C150 300w, https:\/\/i0.wp.com\/www.albertocreativografico.com\/blog\/wp-content\/uploads\/2011\/10\/ampudia.jpg?zoom=3&amp;resize=150%2C150 450w\" sizes=\"(max-width: 150px) 100vw, 150px\" \/><\/a>\n\t\t\t<\/dt><\/dl><br style=\"clear: both\" \/><dl class='gallery-item'>\n\t\t\t<dt class='gallery-icon portrait'>\n\t\t\t\t<a href='http:\/\/www.albertocreativografico.com\/blog\/sobremi\/fotografia\/arttac\/'><img width=\"150\" height=\"150\" src=\"https:\/\/i0.wp.com\/www.albertocreativografico.com\/blog\/wp-content\/uploads\/2011\/10\/ArtTac.jpg?resize=150%2C150\" class=\"attachment-thumbnail size-thumbnail\" alt=\"Art Tac 2011\" decoding=\"async\" loading=\"lazy\" srcset=\"https:\/\/i0.wp.com\/www.albertocreativografico.com\/blog\/wp-content\/uploads\/2011\/10\/ArtTac.jpg?resize=150%2C150 150w, https:\/\/i0.wp.com\/www.albertocreativografico.com\/blog\/wp-content\/uploads\/2011\/10\/ArtTac.jpg?zoom=2&amp;resize=150%2C150 300w\" sizes=\"(max-width: 150px) 100vw, 150px\" \/><\/a>\n\t\t\t<\/dt><\/dl><dl class='gallery-item'>\n\t\t\t<dt class='gallery-icon portrait'>\n\t\t\t\t<a href='http:\/\/www.albertocreativografico.com\/blog\/sobremi\/fotografia\/13visionesorig\/'><img width=\"150\" height=\"150\" src=\"https:\/\/i0.wp.com\/www.albertocreativografico.com\/blog\/wp-content\/uploads\/2011\/10\/13visionesorig.jpg?resize=150%2C150\" class=\"attachment-thumbnail size-thumbnail\" alt=\"13 visiones de Castilla\" decoding=\"async\" loading=\"lazy\" srcset=\"https:\/\/i0.wp.com\/www.albertocreativografico.com\/blog\/wp-content\/uploads\/2011\/10\/13visionesorig.jpg?resize=150%2C150 150w, https:\/\/i0.wp.com\/www.albertocreativografico.com\/blog\/wp-content\/uploads\/2011\/10\/13visionesorig.jpg?zoom=2&amp;resize=150%2C150 300w, https:\/\/i0.wp.com\/www.albertocreativografico.com\/blog\/wp-content\/uploads\/2011\/10\/13visionesorig.jpg?zoom=3&amp;resize=150%2C150 450w\" sizes=\"(max-width: 150px) 100vw, 150px\" \/><\/a>\n\t\t\t<\/dt><\/dl><dl class='gallery-item'>\n\t\t\t<dt class='gallery-icon portrait'>\n\t\t\t\t<a href='http:\/\/www.albertocreativografico.com\/blog\/sobremi\/fotografia\/13visiones\/'><img width=\"150\" height=\"150\" src=\"https:\/\/i0.wp.com\/www.albertocreativografico.com\/blog\/wp-content\/uploads\/2011\/10\/13visiones.jpg?resize=150%2C150\" class=\"attachment-thumbnail size-thumbnail\" alt=\"13 miradas de Castilla\" decoding=\"async\" loading=\"lazy\" srcset=\"https:\/\/i0.wp.com\/www.albertocreativografico.com\/blog\/wp-content\/uploads\/2011\/10\/13visiones.jpg?resize=150%2C150 150w, https:\/\/i0.wp.com\/www.albertocreativografico.com\/blog\/wp-content\/uploads\/2011\/10\/13visiones.jpg?zoom=2&amp;resize=150%2C150 300w, https:\/\/i0.wp.com\/www.albertocreativografico.com\/blog\/wp-content\/uploads\/2011\/10\/13visiones.jpg?zoom=3&amp;resize=150%2C150 450w\" sizes=\"(max-width: 150px) 100vw, 150px\" \/><\/a>\n\t\t\t<\/dt><\/dl><dl class='gallery-item'>\n\t\t\t<dt class='gallery-icon landscape'>\n\t\t\t\t<a href='http:\/\/www.albertocreativografico.com\/blog\/sobremi\/fotografia\/cartel-maquetacia%c2%b3n-1\/'><img width=\"150\" height=\"150\" src=\"https:\/\/i0.wp.com\/www.albertocreativografico.com\/blog\/wp-content\/uploads\/2011\/10\/ancho.jpg?resize=150%2C150\" class=\"attachment-thumbnail size-thumbnail\" alt=\"Valladolid, m\u00e1s ancho que largo\" decoding=\"async\" loading=\"lazy\" srcset=\"https:\/\/i0.wp.com\/www.albertocreativografico.com\/blog\/wp-content\/uploads\/2011\/10\/ancho.jpg?resize=150%2C150 150w, https:\/\/i0.wp.com\/www.albertocreativografico.com\/blog\/wp-content\/uploads\/2011\/10\/ancho.jpg?zoom=2&amp;resize=150%2C150 300w, https:\/\/i0.wp.com\/www.albertocreativografico.com\/blog\/wp-content\/uploads\/2011\/10\/ancho.jpg?zoom=3&amp;resize=150%2C150 450w\" sizes=\"(max-width: 150px) 100vw, 150px\" \/><\/a>\n\t\t\t<\/dt><\/dl><br style=\"clear: both\" \/>\n\t\t<\/div>\n\n<p style=\"padding-left: 30px;\"><span style=\"text-decoration: underline;\"># Exposiciones virtuales<\/span><\/p>\n<p style=\"padding-left: 60px;\"><strong>&#8211; Recogimiento en la Oscuridad<\/strong>, en el grupo Valladolid (Espa\u00f1a &#8211; Spain)<\/p>\n<p>[miniflickr user_id=24935472@N02 tags=zamora,exposici\u00f3n sort=interestingness-desc per_page=12]<\/p>\n<p style=\"padding-left: 60px;\"><strong>&#8211; La noche en que arden los pellejos<\/strong> (Mayorga, Valladolid)<\/p>\n<p>[miniflickr user_id=24935472@N02 tags=pellejos sort=interestingness-desc per_page=12]<\/p>\n","protected":false},"excerpt":{"rendered":"<p>Ante todo soy un fot\u00f3grafo aficionado, pero conozco la fotograf\u00eda lo suficiente, para realizar un trabajo&hellip;<\/p>\n","protected":false},"author":5,"featured_media":254,"parent":2,"menu_order":4,"comment_status":"open","ping_status":"closed","template":"template-fullwidth.php","meta":{"jetpack_post_was_ever_published":false},"jetpack_shortlink":"https:\/\/wp.me\/P2ZBZa-1W","jetpack_sharing_enabled":true,"jetpack-related-posts":[{"id":779,"url":"http:\/\/www.albertocreativografico.com\/blog\/portfolio\/galeria-fotografia\/","url_meta":{"origin":120,"position":0},"title":"Galer\u00eda Fotograf\u00eda","date":"17 diciembre, 2011","format":false,"excerpt":"Pinchar para ampliar:","rel":"","context":"Entrada similar","img":{"alt_text":"","src":"https:\/\/i0.wp.com\/www.albertocreativografico.com\/blog\/wp-content\/uploads\/2011\/10\/greciats.jpg?resize=350%2C200","width":350,"height":200},"classes":[]},{"id":2,"url":"http:\/\/www.albertocreativografico.com\/blog\/sobremi\/","url_meta":{"origin":120,"position":1},"title":"Sobre mi","date":"12 septiembre, 2011","format":false,"excerpt":"Dise\u00f1ador gr\u00e1fico con m\u00e1s de 10 a\u00f1os de experiencia como creativo gr\u00e1fico, dise\u00f1ador web, y maquetador. Formado en marketing, publicidad y dise\u00f1o, estoy facultado para cualquier acci\u00f3n comercial efectiva. Me tomo el dise\u00f1o, como una actividad seria enfocada al sector empresarial y comercial, y por ello entiendo, que prima la\u2026","rel":"","context":"Entrada similar","img":{"alt_text":"","src":"","width":0,"height":0},"classes":[]},{"id":90,"url":"http:\/\/www.albertocreativografico.com\/blog\/marketingefectivo\/","url_meta":{"origin":120,"position":2},"title":"Marketing efectivo","date":"17 octubre, 2011","format":false,"excerpt":"La importancia de la imagen El dise\u00f1o gr\u00e1fico no es solo una faceta art\u00edstica y creativa; es un concepto practico y funcional, con un objetivo, captar la atenci\u00f3n al p\u00fablico sobre el contenido, y que este le resulte atractivo. Formado en marketing, publicidad y dise\u00f1o, mis facultades est\u00e1n a su\u2026","rel":"","context":"Entrada similar","img":{"alt_text":"","src":"https:\/\/i0.wp.com\/www.albertocreativografico.com\/blog\/wp-content\/uploads\/2011\/10\/target_logo.jpg?fit=304%2C380&resize=350%2C200","width":350,"height":200},"classes":[]},{"id":72,"url":"http:\/\/www.albertocreativografico.com\/blog\/sobremi\/experiencia\/","url_meta":{"origin":120,"position":3},"title":"Experiencia","date":"16 octubre, 2011","format":false,"excerpt":"Formaci\u00f3n Formado en Direcci\u00f3n Comercial en la Universidad de Valladolid. Integrante del Programa CREA de direcci\u00f3n empresarial \u00a0del Ayuntamiento de Valladolid y C\u00e1mara de Comercio. Y titulaciones de: - Especialista en Fotocomposici\u00f3n,\u00a0 impartido por FOREM (CC.OO.) - Dise\u00f1o Web,\u00a0 impartido por C.I.C. (Castilla Inform\u00e1tica Consulting) Formaci\u00f3n complementaria - Adobe Siute\u2026","rel":"","context":"Entrada similar","img":{"alt_text":"","src":"https:\/\/i0.wp.com\/www.albertocreativografico.com\/blog\/wp-content\/uploads\/2011\/10\/formacion-300x300.jpg?resize=350%2C200","width":350,"height":200},"classes":[]},{"id":126,"url":"http:\/\/www.albertocreativografico.com\/blog\/contacto\/","url_meta":{"origin":120,"position":4},"title":"Contacto","date":"17 octubre, 2011","format":false,"excerpt":"Si desea mayor informaci\u00f3n, solicitar presupuesto, o cualquiero otro tipo de consulta o dude en contactar conmigo a trav\u00e9s del correo alberto@albertocreativogr\u00e1fico.com Para desarrollar mi tarea no es necesario la proximidad, y f\u00e1cilmente se pueden realizar trabajos a distancia. En todo momento tendr\u00e1 completa informaci\u00f3n acerca de la evoluci\u00f3n del\u2026","rel":"","context":"Entrada similar","img":{"alt_text":"","src":"https:\/\/i0.wp.com\/www.albertocreativografico.com\/blog\/wp-content\/uploads\/2011\/10\/target_logo.jpg?resize=350%2C200","width":350,"height":200},"classes":[]},{"id":1611,"url":"http:\/\/www.albertocreativografico.com\/blog\/politica-de-privacidad\/","url_meta":{"origin":120,"position":5},"title":"Pol\u00edtica de Privacidad","date":"5 septiembre, 2019","format":false,"excerpt":"Qu\u00e9 datos personales recogemos y por qu\u00e9 los recogemos Comentarios Y Formularios de contacto Cuando los visitantes dejan comentarios en la web, recopilamos los datos que se muestran en el formulario de comentarios, as\u00ed como la direcci\u00f3n IP del visitante y la cadena de agentes de usuario del navegador para\u2026","rel":"","context":"Entrada similar","img":{"alt_text":"","src":"","width":0,"height":0},"classes":[]}],"jetpack_likes_enabled":true,"_links":{"self":[{"href":"http:\/\/www.albertocreativografico.com\/blog\/wp-json\/wp\/v2\/pages\/120"}],"collection":[{"href":"http:\/\/www.albertocreativografico.com\/blog\/wp-json\/wp\/v2\/pages"}],"about":[{"href":"http:\/\/www.albertocreativografico.com\/blog\/wp-json\/wp\/v2\/types\/page"}],"author":[{"embeddable":true,"href":"http:\/\/www.albertocreativografico.com\/blog\/wp-json\/wp\/v2\/users\/5"}],"replies":[{"embeddable":true,"href":"http:\/\/www.albertocreativografico.com\/blog\/wp-json\/wp\/v2\/comments?post=120"}],"version-history":[{"count":107,"href":"http:\/\/www.albertocreativografico.com\/blog\/wp-json\/wp\/v2\/pages\/120\/revisions"}],"predecessor-version":[{"id":1492,"href":"http:\/\/www.albertocreativografico.com\/blog\/wp-json\/wp\/v2\/pages\/120\/revisions\/1492"}],"up":[{"embeddable":true,"href":"http:\/\/www.albertocreativografico.com\/blog\/wp-json\/wp\/v2\/pages\/2"}],"wp:featuredmedia":[{"embeddable":true,"href":"http:\/\/www.albertocreativografico.com\/blog\/wp-json\/wp\/v2\/media\/254"}],"wp:attachment":[{"href":"http:\/\/www.albertocreativografico.com\/blog\/wp-json\/wp\/v2\/media?parent=120"}],"curies":[{"name":"wp","href":"https:\/\/api.w.org\/{rel}","templated":true}]}}